{"id":2357,"date":"2023-10-31T10:15:32","date_gmt":"2023-10-31T07:15:32","guid":{"rendered":"https:\/\/pols.bilkent.edu.tr\/?page_id=2357"},"modified":"2026-04-10T16:27:51","modified_gmt":"2026-04-10T13:27:51","slug":"profesyonel-gelisim-soylesileri","status":"publish","type":"page","link":"https:\/\/pols.bilkent.edu.tr\/index.php\/tr\/profesyonel-gelisim-soylesileri\/","title":{"rendered":"Bilkent POLS Profesyonel Geli\u015fim S\u00f6yle\u015fileri"},"content":{"rendered":"\n<div class=\"wp-block-media-text alignwide is-stacked-on-mobile\" style=\"grid-template-columns:30% auto\"><figure class=\"wp-block-media-text__media\"><img loading=\"lazy\" width=\"724\" height=\"1024\" src=\"https:\/\/pols.bilkent.edu.tr\/wp-content\/uploads\/2026\/04\/Asim-Arar-1-724x1024.jpg\" alt=\"\" class=\"wp-image-4437 size-full\" srcset=\"https:\/\/pols.bilkent.edu.tr\/wp-content\/uploads\/2026\/04\/Asim-Arar-1-724x1024.jpg 724w, https:\/\/pols.bilkent.edu.tr\/wp-content\/uploads\/2026\/04\/Asim-Arar-1-212x300.jpg 212w, https:\/\/pols.bilkent.edu.tr\/wp-content\/uploads\/2026\/04\/Asim-Arar-1-768x1086.jpg 768w, https:\/\/pols.bilkent.edu.tr\/wp-content\/uploads\/2026\/04\/Asim-Arar-1-1086x1536.jpg 1086w, https:\/\/pols.bilkent.edu.tr\/wp-content\/uploads\/2026\/04\/Asim-Arar-1-39x55.jpg 39w, https:\/\/pols.bilkent.edu.tr\/wp-content\/uploads\/2026\/04\/Asim-Arar-1-800x1132.jpg 800w, https:\/\/pols.bilkent.edu.tr\/wp-content\/uploads\/2026\/04\/Asim-Arar-1-580x820.jpg 580w, https:\/\/pols.bilkent.edu.tr\/wp-content\/uploads\/2026\/04\/Asim-Arar-1.jpg 1414w\" sizes=\"(max-width: 724px) 100vw, 724px\" \/><\/figure><div class=\"wp-block-media-text__content\">\n<p><strong>S\u00f6yle\u015fi<\/strong>: Diplomaside Kariyer: B\u00fcy\u00fckel\u00e7inin Deneyimleri<\/p>\n\n\n\n<p><strong>Konuk<\/strong>: As\u0131m Arar<\/p>\n\n\n\n<p><strong>Tarih &amp; Saat<\/strong>: 14 Nisan 2026 | 17.30<\/p>\n\n\n\n<p><strong>Yer<\/strong>: A-130<\/p>\n<\/div><\/div>\n\n\n\n<div style=\"height:88px\" aria-hidden=\"true\" class=\"wp-block-spacer\"><\/div>\n\n\n\n<div class=\"wp-block-media-text alignwide is-stacked-on-mobile\" style=\"grid-template-columns:30% auto\"><figure class=\"wp-block-media-text__media\"><img loading=\"lazy\" width=\"724\" height=\"1024\" src=\"https:\/\/pols.bilkent.edu.tr\/wp-content\/uploads\/2026\/04\/Muhammed-Unalmis-1-1-724x1024.jpg\" alt=\"\" class=\"wp-image-4430 size-full\" srcset=\"https:\/\/pols.bilkent.edu.tr\/wp-content\/uploads\/2026\/04\/Muhammed-Unalmis-1-1-724x1024.jpg 724w, https:\/\/pols.bilkent.edu.tr\/wp-content\/uploads\/2026\/04\/Muhammed-Unalmis-1-1-212x300.jpg 212w, https:\/\/pols.bilkent.edu.tr\/wp-content\/uploads\/2026\/04\/Muhammed-Unalmis-1-1-768x1086.jpg 768w, https:\/\/pols.bilkent.edu.tr\/wp-content\/uploads\/2026\/04\/Muhammed-Unalmis-1-1-1086x1536.jpg 1086w, https:\/\/pols.bilkent.edu.tr\/wp-content\/uploads\/2026\/04\/Muhammed-Unalmis-1-1-39x55.jpg 39w, https:\/\/pols.bilkent.edu.tr\/wp-content\/uploads\/2026\/04\/Muhammed-Unalmis-1-1-800x1132.jpg 800w, https:\/\/pols.bilkent.edu.tr\/wp-content\/uploads\/2026\/04\/Muhammed-Unalmis-1-1-580x820.jpg 580w, https:\/\/pols.bilkent.edu.tr\/wp-content\/uploads\/2026\/04\/Muhammed-Unalmis-1-1.jpg 1414w\" sizes=\"(max-width: 724px) 100vw, 724px\" \/><\/figure><div class=\"wp-block-media-text__content\">\n<p><strong>S\u00f6yle\u015fi<\/strong>: B\u00f6lgede Gazetecilik<\/p>\n\n\n\n<p><strong>Konuk<\/strong>: Muhammed \u00dcnalm\u0131\u015f<\/p>\n\n\n\n<p><strong>Tarih &amp; Saat<\/strong>: 13 Nisan 2026 | 17.30<\/p>\n\n\n\n<p><strong>Yer<\/strong>: A-130<\/p>\n<\/div><\/div>\n\n\n\n<div style=\"height:88px\" aria-hidden=\"true\" class=\"wp-block-spacer\"><\/div>\n\n\n\n<div class=\"wp-block-media-text alignwide is-stacked-on-mobile\" style=\"grid-template-columns:30% auto\"><figure class=\"wp-block-media-text__media\"><img loading=\"lazy\" width=\"724\" height=\"1024\" src=\"https:\/\/pols.bilkent.edu.tr\/wp-content\/uploads\/2026\/04\/Koray-Berker-Resber-724x1024.png\" alt=\"\" class=\"wp-image-4395 size-full\" srcset=\"https:\/\/pols.bilkent.edu.tr\/wp-content\/uploads\/2026\/04\/Koray-Berker-Resber-724x1024.png 724w, https:\/\/pols.bilkent.edu.tr\/wp-content\/uploads\/2026\/04\/Koray-Berker-Resber-212x300.png 212w, https:\/\/pols.bilkent.edu.tr\/wp-content\/uploads\/2026\/04\/Koray-Berker-Resber-768x1086.png 768w, https:\/\/pols.bilkent.edu.tr\/wp-content\/uploads\/2026\/04\/Koray-Berker-Resber-1086x1536.png 1086w, https:\/\/pols.bilkent.edu.tr\/wp-content\/uploads\/2026\/04\/Koray-Berker-Resber-39x55.png 39w, https:\/\/pols.bilkent.edu.tr\/wp-content\/uploads\/2026\/04\/Koray-Berker-Resber-800x1132.png 800w, https:\/\/pols.bilkent.edu.tr\/wp-content\/uploads\/2026\/04\/Koray-Berker-Resber-580x820.png 580w, https:\/\/pols.bilkent.edu.tr\/wp-content\/uploads\/2026\/04\/Koray-Berker-Resber.png 1414w\" sizes=\"(max-width: 724px) 100vw, 724px\" \/><\/figure><div class=\"wp-block-media-text__content\">\n<p><strong>S\u00f6yle\u015fi<\/strong>: \u00d6zel Sekt\u00f6rde Kariyer \u0130n\u015fas\u0131: Vestel Deneyimi<\/p>\n\n\n\n<p><strong>Konuk<\/strong>: Koray Berker Re\u015fber<\/p>\n\n\n\n<p><strong>Tarih &amp; Saat<\/strong>: 13 Mart 2026 | 17.30<\/p>\n\n\n\n<p><strong>Yer<\/strong>: A-130<\/p>\n<\/div><\/div>\n\n\n\n<div style=\"height:88px\" aria-hidden=\"true\" class=\"wp-block-spacer\"><\/div>\n\n\n\n<div class=\"wp-block-media-text alignwide is-stacked-on-mobile\" style=\"grid-template-columns:30% auto\"><figure class=\"wp-block-media-text__media\"><img loading=\"lazy\" width=\"724\" height=\"1024\" src=\"https:\/\/pols.bilkent.edu.tr\/wp-content\/uploads\/2026\/04\/gokhan-sensozmez-pols-professional-724x1024.jpg\" alt=\"\" class=\"wp-image-4390 size-full\" srcset=\"https:\/\/pols.bilkent.edu.tr\/wp-content\/uploads\/2026\/04\/gokhan-sensozmez-pols-professional-724x1024.jpg 724w, https:\/\/pols.bilkent.edu.tr\/wp-content\/uploads\/2026\/04\/gokhan-sensozmez-pols-professional-212x300.jpg 212w, https:\/\/pols.bilkent.edu.tr\/wp-content\/uploads\/2026\/04\/gokhan-sensozmez-pols-professional-768x1086.jpg 768w, https:\/\/pols.bilkent.edu.tr\/wp-content\/uploads\/2026\/04\/gokhan-sensozmez-pols-professional-1086x1536.jpg 1086w, https:\/\/pols.bilkent.edu.tr\/wp-content\/uploads\/2026\/04\/gokhan-sensozmez-pols-professional-39x55.jpg 39w, https:\/\/pols.bilkent.edu.tr\/wp-content\/uploads\/2026\/04\/gokhan-sensozmez-pols-professional-800x1132.jpg 800w, https:\/\/pols.bilkent.edu.tr\/wp-content\/uploads\/2026\/04\/gokhan-sensozmez-pols-professional-580x820.jpg 580w, https:\/\/pols.bilkent.edu.tr\/wp-content\/uploads\/2026\/04\/gokhan-sensozmez-pols-professional.jpg 1414w\" sizes=\"(max-width: 724px) 100vw, 724px\" \/><\/figure><div class=\"wp-block-media-text__content\">\n<p><strong>S\u00f6yle\u015fi<\/strong>: Akademide Kariyer \u0130n\u015fas\u0131<\/p>\n\n\n\n<p><strong>Konuk<\/strong>: G\u00f6khan \u015eens\u00f6nmez<\/p>\n\n\n\n<p><strong>Tarih &amp; Saat<\/strong>: 3 Mart 2026 | 17.30<\/p>\n\n\n\n<p><strong>Yer<\/strong>: A-130<\/p>\n<\/div><\/div>\n\n\n\n<div style=\"height:88px\" aria-hidden=\"true\" class=\"wp-block-spacer\"><\/div>\n\n\n\n<div class=\"wp-block-media-text alignwide is-stacked-on-mobile\" style=\"grid-template-columns:30% auto\"><figure class=\"wp-block-media-text__media\"><img loading=\"lazy\" width=\"724\" height=\"1024\" src=\"https:\/\/pols.bilkent.edu.tr\/wp-content\/uploads\/2026\/02\/deniz-alp-yazici-724x1024.png\" alt=\"\" class=\"wp-image-4143 size-full\" srcset=\"https:\/\/pols.bilkent.edu.tr\/wp-content\/uploads\/2026\/02\/deniz-alp-yazici-724x1024.png 724w, https:\/\/pols.bilkent.edu.tr\/wp-content\/uploads\/2026\/02\/deniz-alp-yazici-212x300.png 212w, https:\/\/pols.bilkent.edu.tr\/wp-content\/uploads\/2026\/02\/deniz-alp-yazici-768x1086.png 768w, https:\/\/pols.bilkent.edu.tr\/wp-content\/uploads\/2026\/02\/deniz-alp-yazici-1086x1536.png 1086w, https:\/\/pols.bilkent.edu.tr\/wp-content\/uploads\/2026\/02\/deniz-alp-yazici-39x55.png 39w, https:\/\/pols.bilkent.edu.tr\/wp-content\/uploads\/2026\/02\/deniz-alp-yazici-800x1132.png 800w, https:\/\/pols.bilkent.edu.tr\/wp-content\/uploads\/2026\/02\/deniz-alp-yazici-580x820.png 580w, https:\/\/pols.bilkent.edu.tr\/wp-content\/uploads\/2026\/02\/deniz-alp-yazici.png 1414w\" sizes=\"(max-width: 724px) 100vw, 724px\" \/><\/figure><div class=\"wp-block-media-text__content\">\n<p><strong>S\u00f6yle\u015fi<\/strong>: \u0130\u015f Geli\u015ftirme ve Sat\u0131\u015f Sekt\u00f6r\u00fcnde Kariyer<\/p>\n\n\n\n<p><strong>Konuk<\/strong>: Deniz Alp Yaz\u0131c\u0131<\/p>\n\n\n\n<p><strong>Tarih &amp; Saat<\/strong>: 10 \u015eubat 2026 | 17.30<\/p>\n\n\n\n<p><strong>Yer<\/strong>: A-130<\/p>\n<\/div><\/div>\n\n\n\n<div style=\"height:88px\" aria-hidden=\"true\" class=\"wp-block-spacer\"><\/div>\n\n\n\n<div class=\"wp-block-media-text alignwide is-stacked-on-mobile\" style=\"grid-template-columns:30% auto\"><figure class=\"wp-block-media-text__media\"><img loading=\"lazy\" width=\"724\" height=\"1024\" src=\"https:\/\/pols.bilkent.edu.tr\/wp-content\/uploads\/2026\/02\/POLS-Afisleri-724x1024.png\" alt=\"\" class=\"wp-image-4074 size-full\" srcset=\"https:\/\/pols.bilkent.edu.tr\/wp-content\/uploads\/2026\/02\/POLS-Afisleri-724x1024.png 724w, https:\/\/pols.bilkent.edu.tr\/wp-content\/uploads\/2026\/02\/POLS-Afisleri-212x300.png 212w, https:\/\/pols.bilkent.edu.tr\/wp-content\/uploads\/2026\/02\/POLS-Afisleri-768x1086.png 768w, https:\/\/pols.bilkent.edu.tr\/wp-content\/uploads\/2026\/02\/POLS-Afisleri-1086x1536.png 1086w, https:\/\/pols.bilkent.edu.tr\/wp-content\/uploads\/2026\/02\/POLS-Afisleri-39x55.png 39w, https:\/\/pols.bilkent.edu.tr\/wp-content\/uploads\/2026\/02\/POLS-Afisleri-800x1132.png 800w, https:\/\/pols.bilkent.edu.tr\/wp-content\/uploads\/2026\/02\/POLS-Afisleri-580x820.png 580w, https:\/\/pols.bilkent.edu.tr\/wp-content\/uploads\/2026\/02\/POLS-Afisleri.png 1414w\" sizes=\"(max-width: 724px) 100vw, 724px\" \/><\/figure><div class=\"wp-block-media-text__content\">\n<p><strong>S\u00f6yle\u015fi<\/strong>: M\u00fclakat Teknikleri ve Etkili \u00d6zge\u00e7mi\u015f Haz\u0131rlama<\/p>\n\n\n\n<p><strong>Konuk<\/strong>: Arzu \u00c7elik (POLS 2017 Mezunu)<\/p>\n\n\n\n<p><strong>Tarih ve Zaman<\/strong>: 4 \u015eubat 2026 | 17.30<\/p>\n\n\n\n<p><strong>Yer<\/strong>: A-130<\/p>\n<\/div><\/div>\n\n\n\n<div style=\"height:88px\" aria-hidden=\"true\" class=\"wp-block-spacer\"><\/div>\n\n\n\n<div class=\"wp-block-media-text alignwide is-stacked-on-mobile\" style=\"grid-template-columns:30% auto\"><figure class=\"wp-block-media-text__media\"><img loading=\"lazy\" width=\"724\" height=\"1024\" src=\"https:\/\/pols.bilkent.edu.tr\/wp-content\/uploads\/2025\/09\/POLS-Afisleri-5-1-724x1024.png\" alt=\"\" class=\"wp-image-3677 size-full\" srcset=\"https:\/\/pols.bilkent.edu.tr\/wp-content\/uploads\/2025\/09\/POLS-Afisleri-5-1-724x1024.png 724w, https:\/\/pols.bilkent.edu.tr\/wp-content\/uploads\/2025\/09\/POLS-Afisleri-5-1-212x300.png 212w, https:\/\/pols.bilkent.edu.tr\/wp-content\/uploads\/2025\/09\/POLS-Afisleri-5-1-768x1086.png 768w, https:\/\/pols.bilkent.edu.tr\/wp-content\/uploads\/2025\/09\/POLS-Afisleri-5-1-1086x1536.png 1086w, https:\/\/pols.bilkent.edu.tr\/wp-content\/uploads\/2025\/09\/POLS-Afisleri-5-1-39x55.png 39w, https:\/\/pols.bilkent.edu.tr\/wp-content\/uploads\/2025\/09\/POLS-Afisleri-5-1-800x1132.png 800w, https:\/\/pols.bilkent.edu.tr\/wp-content\/uploads\/2025\/09\/POLS-Afisleri-5-1-580x820.png 580w, https:\/\/pols.bilkent.edu.tr\/wp-content\/uploads\/2025\/09\/POLS-Afisleri-5-1.png 1414w\" sizes=\"(max-width: 724px) 100vw, 724px\" \/><\/figure><div class=\"wp-block-media-text__content\">\n<p><strong>S\u00f6yle\u015fi<\/strong>: Akadem\u0130 ve S\u0130yasette S\u00fcrd\u00fcr\u00fcleb\u0130l\u0130r Kalk\u0131nma: B\u0130lkent\u2019ten Br\u00fcksel\u2019e Kar\u0130yer Yolculu\u011fu<\/p>\n\n\n\n<p><strong>Konuk:<\/strong> Ebru Akg\u00fcn (POLS 2018)<\/p>\n\n\n\n<p><strong>Tarih ve Zaman:<\/strong> 10 Eyl\u00fcl, 2025 | 20:00<\/p>\n\n\n\n<p><strong>Yer:<\/strong> Zoom<\/p>\n<\/div><\/div>\n\n\n\n<div style=\"height:88px\" aria-hidden=\"true\" class=\"wp-block-spacer\"><\/div>\n\n\n\n<div class=\"wp-block-media-text alignwide is-stacked-on-mobile\" style=\"grid-template-columns:30% auto\"><figure class=\"wp-block-media-text__media\"><img loading=\"lazy\" width=\"724\" height=\"1024\" src=\"https:\/\/pols.bilkent.edu.tr\/wp-content\/uploads\/2025\/08\/POLS-Afisleri-2-1-724x1024.png\" alt=\"\" class=\"wp-image-3623 size-full\" srcset=\"https:\/\/pols.bilkent.edu.tr\/wp-content\/uploads\/2025\/08\/POLS-Afisleri-2-1-724x1024.png 724w, https:\/\/pols.bilkent.edu.tr\/wp-content\/uploads\/2025\/08\/POLS-Afisleri-2-1-212x300.png 212w, https:\/\/pols.bilkent.edu.tr\/wp-content\/uploads\/2025\/08\/POLS-Afisleri-2-1-768x1086.png 768w, https:\/\/pols.bilkent.edu.tr\/wp-content\/uploads\/2025\/08\/POLS-Afisleri-2-1-1086x1536.png 1086w, https:\/\/pols.bilkent.edu.tr\/wp-content\/uploads\/2025\/08\/POLS-Afisleri-2-1-39x55.png 39w, https:\/\/pols.bilkent.edu.tr\/wp-content\/uploads\/2025\/08\/POLS-Afisleri-2-1-800x1132.png 800w, https:\/\/pols.bilkent.edu.tr\/wp-content\/uploads\/2025\/08\/POLS-Afisleri-2-1-580x820.png 580w, https:\/\/pols.bilkent.edu.tr\/wp-content\/uploads\/2025\/08\/POLS-Afisleri-2-1.png 1414w\" sizes=\"(max-width: 724px) 100vw, 724px\" \/><\/figure><div class=\"wp-block-media-text__content\">\n<p><strong>S\u00f6yle\u015fi<\/strong>: SAHADAN EKRANA: ULUSLARARASI MEDYADA KAR\u0130YER<\/p>\n\n\n\n<p><strong>Konuk:<\/strong> Selen E\u015fen\u00e7ay (POLS 2019)<\/p>\n\n\n\n<p><strong>Tarih ve Zaman:<\/strong> 5 A\u011fustos 2025 | 20:00<\/p>\n\n\n\n<p><strong>Yer:<\/strong> Zoom<\/p>\n<\/div><\/div>\n\n\n\n<div style=\"height:88px\" aria-hidden=\"true\" class=\"wp-block-spacer\"><\/div>\n\n\n\n<div class=\"wp-block-media-text alignwide is-stacked-on-mobile\" style=\"grid-template-columns:30% auto\"><figure class=\"wp-block-media-text__media\"><img loading=\"lazy\" width=\"724\" height=\"1024\" src=\"https:\/\/pols.bilkent.edu.tr\/wp-content\/uploads\/2025\/07\/POLS-Afisleri-1-724x1024.png\" alt=\"\" class=\"wp-image-3601 size-full\" srcset=\"https:\/\/pols.bilkent.edu.tr\/wp-content\/uploads\/2025\/07\/POLS-Afisleri-1-724x1024.png 724w, https:\/\/pols.bilkent.edu.tr\/wp-content\/uploads\/2025\/07\/POLS-Afisleri-1-212x300.png 212w, https:\/\/pols.bilkent.edu.tr\/wp-content\/uploads\/2025\/07\/POLS-Afisleri-1-768x1086.png 768w, https:\/\/pols.bilkent.edu.tr\/wp-content\/uploads\/2025\/07\/POLS-Afisleri-1-1086x1536.png 1086w, https:\/\/pols.bilkent.edu.tr\/wp-content\/uploads\/2025\/07\/POLS-Afisleri-1-39x55.png 39w, https:\/\/pols.bilkent.edu.tr\/wp-content\/uploads\/2025\/07\/POLS-Afisleri-1-800x1132.png 800w, https:\/\/pols.bilkent.edu.tr\/wp-content\/uploads\/2025\/07\/POLS-Afisleri-1-580x820.png 580w, https:\/\/pols.bilkent.edu.tr\/wp-content\/uploads\/2025\/07\/POLS-Afisleri-1.png 1414w\" sizes=\"(max-width: 724px) 100vw, 724px\" \/><\/figure><div class=\"wp-block-media-text__content\">\n<p><strong>S\u00f6yle\u015fi<\/strong>: KAMU H\u0130ZMET\u0130NDE KAR\u0130YER \u0130N\u015eASI<\/p>\n\n\n\n<p><strong>Konuk:<\/strong> Erhan S\u0131rt (POLS 2008)<\/p>\n\n\n\n<p><strong>Tarih ve Zaman:<\/strong> 14 Temmuz 2025 | 20:00<\/p>\n\n\n\n<p><strong>Yer:<\/strong> Zoom<\/p>\n<\/div><\/div>\n\n\n\n<div style=\"height:88px\" aria-hidden=\"true\" class=\"wp-block-spacer\"><\/div>\n\n\n\n<div class=\"wp-block-media-text alignwide is-stacked-on-mobile\" style=\"grid-template-columns:30% auto\"><figure class=\"wp-block-media-text__media\"><img loading=\"lazy\" width=\"724\" height=\"1024\" src=\"https:\/\/pols.bilkent.edu.tr\/wp-content\/uploads\/2025\/07\/Purple-Pixel-Roboto-Page-Border-A3-Portrait-5-1-724x1024.png\" alt=\"\" class=\"wp-image-3578 size-full\" srcset=\"https:\/\/pols.bilkent.edu.tr\/wp-content\/uploads\/2025\/07\/Purple-Pixel-Roboto-Page-Border-A3-Portrait-5-1-724x1024.png 724w, https:\/\/pols.bilkent.edu.tr\/wp-content\/uploads\/2025\/07\/Purple-Pixel-Roboto-Page-Border-A3-Portrait-5-1-212x300.png 212w, https:\/\/pols.bilkent.edu.tr\/wp-content\/uploads\/2025\/07\/Purple-Pixel-Roboto-Page-Border-A3-Portrait-5-1-768x1086.png 768w, https:\/\/pols.bilkent.edu.tr\/wp-content\/uploads\/2025\/07\/Purple-Pixel-Roboto-Page-Border-A3-Portrait-5-1-1086x1536.png 1086w, https:\/\/pols.bilkent.edu.tr\/wp-content\/uploads\/2025\/07\/Purple-Pixel-Roboto-Page-Border-A3-Portrait-5-1-39x55.png 39w, https:\/\/pols.bilkent.edu.tr\/wp-content\/uploads\/2025\/07\/Purple-Pixel-Roboto-Page-Border-A3-Portrait-5-1-800x1132.png 800w, https:\/\/pols.bilkent.edu.tr\/wp-content\/uploads\/2025\/07\/Purple-Pixel-Roboto-Page-Border-A3-Portrait-5-1-580x820.png 580w, https:\/\/pols.bilkent.edu.tr\/wp-content\/uploads\/2025\/07\/Purple-Pixel-Roboto-Page-Border-A3-Portrait-5-1.png 1414w\" sizes=\"(max-width: 724px) 100vw, 724px\" \/><\/figure><div class=\"wp-block-media-text__content\">\n<p><strong>S\u00f6yle\u015fi<\/strong>: NAVIGATING INTERNATIONAL ORGANIZATIONS:<br>EARLY CAREERS AND TIMES OF UNCERTAINTY<\/p>\n\n\n\n<p><strong>Konuk:<\/strong> Mona El Wali (POLS 2020)<\/p>\n\n\n\n<p><strong>Tarih ve Zaman:<\/strong> July 8, 2025 | 20:00<\/p>\n\n\n\n<p><strong>Yer:<\/strong> Zoom<\/p>\n<\/div><\/div>\n\n\n\n<div style=\"height:88px\" aria-hidden=\"true\" class=\"wp-block-spacer\"><\/div>\n\n\n\n<div class=\"wp-block-media-text alignwide is-stacked-on-mobile\" style=\"grid-template-columns:30% auto\"><figure class=\"wp-block-media-text__media\"><img loading=\"lazy\" width=\"724\" height=\"1024\" src=\"https:\/\/pols.bilkent.edu.tr\/wp-content\/uploads\/2025\/07\/Purple-Pixel-Roboto-Page-Border-A3-Portrait-2-1-724x1024.png\" alt=\"\" class=\"wp-image-3569 size-full\" srcset=\"https:\/\/pols.bilkent.edu.tr\/wp-content\/uploads\/2025\/07\/Purple-Pixel-Roboto-Page-Border-A3-Portrait-2-1-724x1024.png 724w, https:\/\/pols.bilkent.edu.tr\/wp-content\/uploads\/2025\/07\/Purple-Pixel-Roboto-Page-Border-A3-Portrait-2-1-212x300.png 212w, https:\/\/pols.bilkent.edu.tr\/wp-content\/uploads\/2025\/07\/Purple-Pixel-Roboto-Page-Border-A3-Portrait-2-1-768x1086.png 768w, https:\/\/pols.bilkent.edu.tr\/wp-content\/uploads\/2025\/07\/Purple-Pixel-Roboto-Page-Border-A3-Portrait-2-1-1086x1536.png 1086w, https:\/\/pols.bilkent.edu.tr\/wp-content\/uploads\/2025\/07\/Purple-Pixel-Roboto-Page-Border-A3-Portrait-2-1-39x55.png 39w, https:\/\/pols.bilkent.edu.tr\/wp-content\/uploads\/2025\/07\/Purple-Pixel-Roboto-Page-Border-A3-Portrait-2-1-800x1132.png 800w, https:\/\/pols.bilkent.edu.tr\/wp-content\/uploads\/2025\/07\/Purple-Pixel-Roboto-Page-Border-A3-Portrait-2-1-580x820.png 580w, https:\/\/pols.bilkent.edu.tr\/wp-content\/uploads\/2025\/07\/Purple-Pixel-Roboto-Page-Border-A3-Portrait-2-1.png 1414w\" sizes=\"(max-width: 724px) 100vw, 724px\" \/><\/figure><div class=\"wp-block-media-text__content\">\n<p><strong>S\u00f6yle\u015fi<\/strong>: MEZUN MENT\u00d6RLER\u0130M\u0130ZLE S\u00d6YLE\u015e\u0130LER: BAKI\u015e A\u00c7ILARI, YOLCULUKLAR VE \u00c7IKARILAN DERSLER<\/p>\n\n\n\n<p><strong>Konuk:<\/strong> Koray Berker Re\u015fber (POLS 2020)<\/p>\n\n\n\n<p><strong>Tarih ve Zaman:<\/strong> 23 Haziran 2025, 20.00<\/p>\n\n\n\n<p><strong>Yer:<\/strong> Zoom<\/p>\n<\/div><\/div>\n\n\n\n<div style=\"height:88px\" aria-hidden=\"true\" class=\"wp-block-spacer\"><\/div>\n\n\n\n<div class=\"wp-block-media-text alignwide is-stacked-on-mobile\" style=\"grid-template-columns:30% auto\"><figure class=\"wp-block-media-text__media\"><img loading=\"lazy\" width=\"724\" height=\"1024\" src=\"https:\/\/pols.bilkent.edu.tr\/wp-content\/uploads\/2025\/06\/Pols-Talks-Banner-Copy-of-Project-Cycle-Managment-1-1-724x1024.jpg\" alt=\"\" class=\"wp-image-3501 size-full\" srcset=\"https:\/\/pols.bilkent.edu.tr\/wp-content\/uploads\/2025\/06\/Pols-Talks-Banner-Copy-of-Project-Cycle-Managment-1-1-724x1024.jpg 724w, https:\/\/pols.bilkent.edu.tr\/wp-content\/uploads\/2025\/06\/Pols-Talks-Banner-Copy-of-Project-Cycle-Managment-1-1-212x300.jpg 212w, https:\/\/pols.bilkent.edu.tr\/wp-content\/uploads\/2025\/06\/Pols-Talks-Banner-Copy-of-Project-Cycle-Managment-1-1-768x1087.jpg 768w, https:\/\/pols.bilkent.edu.tr\/wp-content\/uploads\/2025\/06\/Pols-Talks-Banner-Copy-of-Project-Cycle-Managment-1-1-39x55.jpg 39w, https:\/\/pols.bilkent.edu.tr\/wp-content\/uploads\/2025\/06\/Pols-Talks-Banner-Copy-of-Project-Cycle-Managment-1-1-800x1132.jpg 800w, https:\/\/pols.bilkent.edu.tr\/wp-content\/uploads\/2025\/06\/Pols-Talks-Banner-Copy-of-Project-Cycle-Managment-1-1-580x821.jpg 580w, https:\/\/pols.bilkent.edu.tr\/wp-content\/uploads\/2025\/06\/Pols-Talks-Banner-Copy-of-Project-Cycle-Managment-1-1.jpg 1050w\" sizes=\"(max-width: 724px) 100vw, 724px\" \/><\/figure><div class=\"wp-block-media-text__content\">\n<p><strong>S\u00f6yle\u015fi<\/strong>: Gazetecilik 101<\/p>\n\n\n\n<p><strong>Konuk:<\/strong> \u00c7i\u011fdem Toker<\/p>\n\n\n\n<p><strong>Tarih ve Zaman:<\/strong> 15 May\u0131s 2025, 12.30<\/p>\n\n\n\n<p><strong>Yer:<\/strong> C Blok Amfi<\/p>\n<\/div><\/div>\n\n\n\n<div style=\"height:88px\" aria-hidden=\"true\" class=\"wp-block-spacer\"><\/div>\n\n\n\n<div class=\"wp-block-media-text alignwide is-stacked-on-mobile\" style=\"grid-template-columns:30% auto\"><figure class=\"wp-block-media-text__media\"><img loading=\"lazy\" width=\"724\" height=\"1024\" src=\"https:\/\/pols.bilkent.edu.tr\/wp-content\/uploads\/2025\/06\/Pols-Talks-Banner-Copy-of-Development-in-International-Relations-1-724x1024.jpg\" alt=\"\" class=\"wp-image-3499 size-full\" srcset=\"https:\/\/pols.bilkent.edu.tr\/wp-content\/uploads\/2025\/06\/Pols-Talks-Banner-Copy-of-Development-in-International-Relations-1-724x1024.jpg 724w, https:\/\/pols.bilkent.edu.tr\/wp-content\/uploads\/2025\/06\/Pols-Talks-Banner-Copy-of-Development-in-International-Relations-1-212x300.jpg 212w, https:\/\/pols.bilkent.edu.tr\/wp-content\/uploads\/2025\/06\/Pols-Talks-Banner-Copy-of-Development-in-International-Relations-1-768x1087.jpg 768w, https:\/\/pols.bilkent.edu.tr\/wp-content\/uploads\/2025\/06\/Pols-Talks-Banner-Copy-of-Development-in-International-Relations-1-39x55.jpg 39w, https:\/\/pols.bilkent.edu.tr\/wp-content\/uploads\/2025\/06\/Pols-Talks-Banner-Copy-of-Development-in-International-Relations-1-800x1132.jpg 800w, https:\/\/pols.bilkent.edu.tr\/wp-content\/uploads\/2025\/06\/Pols-Talks-Banner-Copy-of-Development-in-International-Relations-1-580x821.jpg 580w, https:\/\/pols.bilkent.edu.tr\/wp-content\/uploads\/2025\/06\/Pols-Talks-Banner-Copy-of-Development-in-International-Relations-1.jpg 1050w\" sizes=\"(max-width: 724px) 100vw, 724px\" \/><\/figure><div class=\"wp-block-media-text__content\">\n<p><strong>S\u00f6yle\u015fi<\/strong>: M\u00fclakat Teknikleri ve Etkili \u00d6zge\u00e7mi\u015f Haz\u0131rlama<\/p>\n\n\n\n<p><strong>Konuk:<\/strong> Arzu \u00c7elik<\/p>\n\n\n\n<p><strong>Tarih ve Zaman:<\/strong> 12 May\u0131s 2025, 17.30<\/p>\n\n\n\n<p><strong>Yer:<\/strong> A-130<\/p>\n<\/div><\/div>\n\n\n\n<div style=\"height:88px\" aria-hidden=\"true\" class=\"wp-block-spacer\"><\/div>\n\n\n\n<div class=\"wp-block-media-text alignwide is-stacked-on-mobile\" style=\"grid-template-columns:30% auto\"><figure class=\"wp-block-media-text__media\"><img loading=\"lazy\" width=\"724\" height=\"1024\" src=\"https:\/\/pols.bilkent.edu.tr\/wp-content\/uploads\/2024\/12\/Pols-Talks-Banner-Copy-of-Project-Cycle-Managment-2-1-800x1132-1-724x1024.jpg\" alt=\"\" class=\"wp-image-3325 size-full\" srcset=\"https:\/\/pols.bilkent.edu.tr\/wp-content\/uploads\/2024\/12\/Pols-Talks-Banner-Copy-of-Project-Cycle-Managment-2-1-800x1132-1-724x1024.jpg 724w, https:\/\/pols.bilkent.edu.tr\/wp-content\/uploads\/2024\/12\/Pols-Talks-Banner-Copy-of-Project-Cycle-Managment-2-1-800x1132-1-212x300.jpg 212w, https:\/\/pols.bilkent.edu.tr\/wp-content\/uploads\/2024\/12\/Pols-Talks-Banner-Copy-of-Project-Cycle-Managment-2-1-800x1132-1-768x1087.jpg 768w, https:\/\/pols.bilkent.edu.tr\/wp-content\/uploads\/2024\/12\/Pols-Talks-Banner-Copy-of-Project-Cycle-Managment-2-1-800x1132-1-39x55.jpg 39w, https:\/\/pols.bilkent.edu.tr\/wp-content\/uploads\/2024\/12\/Pols-Talks-Banner-Copy-of-Project-Cycle-Managment-2-1-800x1132-1-580x821.jpg 580w, https:\/\/pols.bilkent.edu.tr\/wp-content\/uploads\/2024\/12\/Pols-Talks-Banner-Copy-of-Project-Cycle-Managment-2-1-800x1132-1.jpg 800w\" sizes=\"(max-width: 724px) 100vw, 724px\" \/><\/figure><div class=\"wp-block-media-text__content\">\n<p><strong>S\u00f6yle\u015fi<\/strong>: D\u0131\u015fi\u015fleri Bakanl\u0131\u011f\u0131 AB Ba\u015fkanl\u0131\u011f\u0131 Kariyer Olanaklar\u0131 ve Avrupa Koleji Bursu<\/p>\n\n\n\n<p><strong>Tarih ve Zaman:<\/strong> 13 Aral\u0131k 2024 Per\u015fembe, 12.30<\/p>\n\n\n\n<p><strong>Yer:<\/strong> A-228<\/p>\n<\/div><\/div>\n\n\n\n<div style=\"height:88px\" aria-hidden=\"true\" class=\"wp-block-spacer\"><\/div>\n\n\n\n<div class=\"wp-block-media-text alignwide is-stacked-on-mobile\" style=\"grid-template-columns:30% auto\"><figure class=\"wp-block-media-text__media\"><img loading=\"lazy\" width=\"724\" height=\"1024\" src=\"https:\/\/pols.bilkent.edu.tr\/wp-content\/uploads\/2024\/12\/Pols-Talks-Banner-Development-in-Public-Relations-800x1132-1-724x1024.jpg\" alt=\"\" class=\"wp-image-3324 size-full\" srcset=\"https:\/\/pols.bilkent.edu.tr\/wp-content\/uploads\/2024\/12\/Pols-Talks-Banner-Development-in-Public-Relations-800x1132-1-724x1024.jpg 724w, https:\/\/pols.bilkent.edu.tr\/wp-content\/uploads\/2024\/12\/Pols-Talks-Banner-Development-in-Public-Relations-800x1132-1-212x300.jpg 212w, https:\/\/pols.bilkent.edu.tr\/wp-content\/uploads\/2024\/12\/Pols-Talks-Banner-Development-in-Public-Relations-800x1132-1-768x1087.jpg 768w, https:\/\/pols.bilkent.edu.tr\/wp-content\/uploads\/2024\/12\/Pols-Talks-Banner-Development-in-Public-Relations-800x1132-1-39x55.jpg 39w, https:\/\/pols.bilkent.edu.tr\/wp-content\/uploads\/2024\/12\/Pols-Talks-Banner-Development-in-Public-Relations-800x1132-1-580x821.jpg 580w, https:\/\/pols.bilkent.edu.tr\/wp-content\/uploads\/2024\/12\/Pols-Talks-Banner-Development-in-Public-Relations-800x1132-1.jpg 800w\" sizes=\"(max-width: 724px) 100vw, 724px\" \/><\/figure><div class=\"wp-block-media-text__content\">\n<p><strong>S\u00f6yle\u015fi<\/strong>: Kamu \u0130li\u015fkilerinde Alan\u0131nda Profesyonel Geli\u015fim<\/p>\n\n\n\n<p><strong>Konuklar:<\/strong> Ussal \u015eahbaz<\/p>\n\n\n\n<p><strong>Tarih ve Zaman:<\/strong> 13 Kas\u0131m 2024, \u00c7ar\u015famba, 12.30<\/p>\n\n\n\n<p><strong>Yer:<\/strong> A-130<\/p>\n<\/div><\/div>\n\n\n\n<div style=\"height:88px\" aria-hidden=\"true\" class=\"wp-block-spacer\"><\/div>\n\n\n\n<div class=\"wp-block-media-text alignwide is-stacked-on-mobile\" style=\"grid-template-columns:30% auto\"><figure class=\"wp-block-media-text__media\"><img loading=\"lazy\" width=\"724\" height=\"1024\" src=\"https:\/\/pols.bilkent.edu.tr\/wp-content\/uploads\/2024\/12\/Pols-Talks-Banner-Development-in-Diplomacy-800x1132-1-724x1024.jpg\" alt=\"\" class=\"wp-image-3322 size-full\" srcset=\"https:\/\/pols.bilkent.edu.tr\/wp-content\/uploads\/2024\/12\/Pols-Talks-Banner-Development-in-Diplomacy-800x1132-1-724x1024.jpg 724w, https:\/\/pols.bilkent.edu.tr\/wp-content\/uploads\/2024\/12\/Pols-Talks-Banner-Development-in-Diplomacy-800x1132-1-212x300.jpg 212w, https:\/\/pols.bilkent.edu.tr\/wp-content\/uploads\/2024\/12\/Pols-Talks-Banner-Development-in-Diplomacy-800x1132-1-768x1087.jpg 768w, https:\/\/pols.bilkent.edu.tr\/wp-content\/uploads\/2024\/12\/Pols-Talks-Banner-Development-in-Diplomacy-800x1132-1-39x55.jpg 39w, https:\/\/pols.bilkent.edu.tr\/wp-content\/uploads\/2024\/12\/Pols-Talks-Banner-Development-in-Diplomacy-800x1132-1-580x821.jpg 580w, https:\/\/pols.bilkent.edu.tr\/wp-content\/uploads\/2024\/12\/Pols-Talks-Banner-Development-in-Diplomacy-800x1132-1.jpg 800w\" sizes=\"(max-width: 724px) 100vw, 724px\" \/><\/figure><div class=\"wp-block-media-text__content\">\n<p><strong>S\u00f6yle\u015fi<\/strong>: D\u0131\u015f \u0130li\u015fkiler ve Diplomasi Alan\u0131nda Profesyonel Geli\u015fim<\/p>\n\n\n\n<p><strong>Tarih ve Zaman:<\/strong> 14 \u015eubat 2024, \u00c7ar\u015famba, 12.30<\/p>\n\n\n\n<p><strong>Yer:<\/strong> A-130<\/p>\n<\/div><\/div>\n\n\n\n<div style=\"height:81px\" aria-hidden=\"true\" class=\"wp-block-spacer\"><\/div>\n\n\n\n<div class=\"wp-block-media-text alignwide is-stacked-on-mobile\" style=\"grid-template-columns:30% auto\"><figure class=\"wp-block-media-text__media\"><img loading=\"lazy\" width=\"724\" height=\"1024\" src=\"https:\/\/pols.bilkent.edu.tr\/wp-content\/uploads\/2024\/12\/Pols-Talks-Banner-Development-in-Consulting-Industry-800x1132-1-724x1024.jpg\" alt=\"\" class=\"wp-image-3321 size-full\" srcset=\"https:\/\/pols.bilkent.edu.tr\/wp-content\/uploads\/2024\/12\/Pols-Talks-Banner-Development-in-Consulting-Industry-800x1132-1-724x1024.jpg 724w, https:\/\/pols.bilkent.edu.tr\/wp-content\/uploads\/2024\/12\/Pols-Talks-Banner-Development-in-Consulting-Industry-800x1132-1-212x300.jpg 212w, https:\/\/pols.bilkent.edu.tr\/wp-content\/uploads\/2024\/12\/Pols-Talks-Banner-Development-in-Consulting-Industry-800x1132-1-768x1087.jpg 768w, https:\/\/pols.bilkent.edu.tr\/wp-content\/uploads\/2024\/12\/Pols-Talks-Banner-Development-in-Consulting-Industry-800x1132-1-39x55.jpg 39w, https:\/\/pols.bilkent.edu.tr\/wp-content\/uploads\/2024\/12\/Pols-Talks-Banner-Development-in-Consulting-Industry-800x1132-1-580x821.jpg 580w, https:\/\/pols.bilkent.edu.tr\/wp-content\/uploads\/2024\/12\/Pols-Talks-Banner-Development-in-Consulting-Industry-800x1132-1.jpg 800w\" sizes=\"(max-width: 724px) 100vw, 724px\" \/><\/figure><div class=\"wp-block-media-text__content\">\n<p><strong>S\u00f6yle\u015fi<\/strong>: Dan\u0131\u015fmanl\u0131k Sekt\u00f6r\u00fcnde Profesyonel Geli\u015fim<\/p>\n\n\n\n<p><strong>Konuklar:<\/strong> Kerem Ka\u00e7ar (POLS 2007) ve \u0130mge \u0130zler \u00d6zt\u00fcrk (POLS 2013)<\/p>\n\n\n\n<p><strong>Tarih ve Zaman:<\/strong> 21 Aral\u0131k 2023, Per\u015fembe, 12.30<br><\/p>\n\n\n\n<p><strong>Yer:<\/strong> H-232<\/p>\n<\/div><\/div>\n\n\n\n<div style=\"height:88px\" aria-hidden=\"true\" class=\"wp-block-spacer\"><\/div>\n\n\n\n<div class=\"wp-block-media-text alignwide is-stacked-on-mobile\" style=\"grid-template-columns:30% auto\"><figure class=\"wp-block-media-text__media\"><img loading=\"lazy\" width=\"724\" height=\"1024\" src=\"https:\/\/pols.bilkent.edu.tr\/wp-content\/uploads\/2024\/12\/Pols-Talks-Banner-Development-in-Academia-800x1132-1-724x1024.jpg\" alt=\"\" class=\"wp-image-3320 size-full\" srcset=\"https:\/\/pols.bilkent.edu.tr\/wp-content\/uploads\/2024\/12\/Pols-Talks-Banner-Development-in-Academia-800x1132-1-724x1024.jpg 724w, https:\/\/pols.bilkent.edu.tr\/wp-content\/uploads\/2024\/12\/Pols-Talks-Banner-Development-in-Academia-800x1132-1-212x300.jpg 212w, https:\/\/pols.bilkent.edu.tr\/wp-content\/uploads\/2024\/12\/Pols-Talks-Banner-Development-in-Academia-800x1132-1-768x1087.jpg 768w, https:\/\/pols.bilkent.edu.tr\/wp-content\/uploads\/2024\/12\/Pols-Talks-Banner-Development-in-Academia-800x1132-1-39x55.jpg 39w, https:\/\/pols.bilkent.edu.tr\/wp-content\/uploads\/2024\/12\/Pols-Talks-Banner-Development-in-Academia-800x1132-1-580x821.jpg 580w, https:\/\/pols.bilkent.edu.tr\/wp-content\/uploads\/2024\/12\/Pols-Talks-Banner-Development-in-Academia-800x1132-1.jpg 800w\" sizes=\"(max-width: 724px) 100vw, 724px\" \/><\/figure><div class=\"wp-block-media-text__content\">\n<p><strong>S\u00f6yle\u015fi<\/strong>: Akademide Profesyonel Geli\u015fim<\/p>\n\n\n\n<p><strong>Konuklar:<\/strong> Berika \u00d6zcan (POLS 2017) ve Ay\u015fe Durako\u011flu (POLS 2016)<\/p>\n\n\n\n<p><strong>Tarih ve Zaman:<\/strong> 20 Kas\u0131m 2023, Pazartesi, 17.30<br><\/p>\n\n\n\n<p><strong>Yer:<\/strong> Zoom<\/p>\n<\/div><\/div>\n\n\n\n<div style=\"height:91px\" aria-hidden=\"true\" class=\"wp-block-spacer\"><\/div>\n\n\n\n<div class=\"wp-block-media-text alignwide is-stacked-on-mobile\" style=\"grid-template-columns:30% auto\"><figure class=\"wp-block-media-text__media\"><img loading=\"lazy\" width=\"724\" height=\"1024\" src=\"https:\/\/pols.bilkent.edu.tr\/wp-content\/uploads\/2024\/12\/Pols-Talks-Banner-Development-in-International-Relations-800x1132-1-724x1024.jpg\" alt=\"\" class=\"wp-image-3319 size-full\" srcset=\"https:\/\/pols.bilkent.edu.tr\/wp-content\/uploads\/2024\/12\/Pols-Talks-Banner-Development-in-International-Relations-800x1132-1-724x1024.jpg 724w, https:\/\/pols.bilkent.edu.tr\/wp-content\/uploads\/2024\/12\/Pols-Talks-Banner-Development-in-International-Relations-800x1132-1-212x300.jpg 212w, https:\/\/pols.bilkent.edu.tr\/wp-content\/uploads\/2024\/12\/Pols-Talks-Banner-Development-in-International-Relations-800x1132-1-768x1087.jpg 768w, https:\/\/pols.bilkent.edu.tr\/wp-content\/uploads\/2024\/12\/Pols-Talks-Banner-Development-in-International-Relations-800x1132-1-39x55.jpg 39w, https:\/\/pols.bilkent.edu.tr\/wp-content\/uploads\/2024\/12\/Pols-Talks-Banner-Development-in-International-Relations-800x1132-1-580x821.jpg 580w, https:\/\/pols.bilkent.edu.tr\/wp-content\/uploads\/2024\/12\/Pols-Talks-Banner-Development-in-International-Relations-800x1132-1.jpg 800w\" sizes=\"(max-width: 724px) 100vw, 724px\" \/><\/figure><div class=\"wp-block-media-text__content\">\n<p><strong>S\u00f6yle\u015fi<\/strong>: Uluslararas\u0131 \u00d6rg\u00fctlerde Profesyonel Geli\u015fim<\/p>\n\n\n\n<p><strong>Konuklar:<\/strong> Canan Ababay Tosyal\u0131 (POLS 2010) ve Mertcan Turan (POLS 2013)<\/p>\n\n\n\n<p><strong>Tarih ve Zaman:<\/strong> 31 Ekim 2023, Sal\u0131, 12.30<br><\/p>\n\n\n\n<p><strong>Yer:<\/strong> A-130<\/p>\n<\/div><\/div>\n","protected":false},"excerpt":{"rendered":"<p>S\u00f6yle\u015fi: Diplomaside Kariyer: B\u00fcy\u00fckel\u00e7inin Deneyimleri Konuk: As\u0131m Arar Tarih &amp; Saat: 14 Nisan 2026 | 17.30 Yer: A-130 S\u00f6yle\u015fi: B\u00f6lgede Gazetecilik Konuk: Muhammed \u00dcnalm\u0131\u015f Tarih &amp; Saat: 13 Nisan 2026 | 17.30 Yer: A-130 S\u00f6yle\u015fi: \u00d6zel Sekt\u00f6rde Kariyer \u0130n\u015fas\u0131: Vestel Deneyimi Konuk: Koray Berker Re\u015fber Tarih &amp; Saat: 13 Mart [\u2026] <\/p>\n<div class=\"clear\"><\/div>\n<p><a class=\"more_link clearfix\" href=\"https:\/\/pols.bilkent.edu.tr\/index.php\/tr\/profesyonel-gelisim-soylesileri\/\" rel=\"nofollow\">Read More<\/a><\/p>\n","protected":false},"author":1,"featured_media":0,"parent":0,"menu_order":0,"comment_status":"closed","ping_status":"closed","template":"","meta":[],"_links":{"self":[{"href":"https:\/\/pols.bilkent.edu.tr\/index.php\/wp-json\/wp\/v2\/pages\/2357"}],"collection":[{"href":"https:\/\/pols.bilkent.edu.tr\/index.php\/wp-json\/wp\/v2\/pages"}],"about":[{"href":"https:\/\/pols.bilkent.edu.tr\/index.php\/wp-json\/wp\/v2\/types\/page"}],"author":[{"embeddable":true,"href":"https:\/\/pols.bilkent.edu.tr\/index.php\/wp-json\/wp\/v2\/users\/1"}],"replies":[{"embeddable":true,"href":"https:\/\/pols.bilkent.edu.tr\/index.php\/wp-json\/wp\/v2\/comments?post=2357"}],"version-history":[{"count":25,"href":"https:\/\/pols.bilkent.edu.tr\/index.php\/wp-json\/wp\/v2\/pages\/2357\/revisions"}],"predecessor-version":[{"id":4438,"href":"https:\/\/pols.bilkent.edu.tr\/index.php\/wp-json\/wp\/v2\/pages\/2357\/revisions\/4438"}],"wp:attachment":[{"href":"https:\/\/pols.bilkent.edu.tr\/index.php\/wp-json\/wp\/v2\/media?parent=2357"}],"curies":[{"name":"wp","href":"https:\/\/api.w.org\/{rel}","templated":true}]}}